{"id":554,"date":"2026-07-21T11:40:02","date_gmt":"2026-07-21T09:40:02","guid":{"rendered":"https:\/\/euro-staff-service.de\/polityka-prywatnosci"},"modified":"2026-07-21T12:00:23","modified_gmt":"2026-07-21T10:00:23","slug":"polityka-prywatnosci","status":"publish","type":"page","link":"https:\/\/euro-staff-service.de\/pl\/polityka-prywatnosci","title":{"rendered":"Polityka prywatno\u015bci"},"content":{"rendered":"\t\t<div data-elementor-type=\"wp-page\" data-elementor-id=\"554\" class=\"elementor elementor-554 elementor-544\" data-elementor-post-type=\"page\">\n\t\t\t\t<div class=\"elementor-element elementor-element-7099e3c e-flex e-con-boxed e-con e-parent\" data-id=\"7099e3c\" data-element_type=\"container\">\n\t\t\t\t\t<div class=\"e-con-inner\">\n\t\t\t\t<div class=\"elementor-element elementor-element-b2de8b1 elementor-widget-mobile__width-initial elementor-widget elementor-widget-text-editor\" data-id=\"b2de8b1\" data-element_type=\"widget\" data-widget_type=\"text-editor.default\">\n\t\t\t\t\t\t\t\t\t<div><h1 class=\"LegalText\"><b><span lang=\"EN-US\" style=\"color: #227cc1;\">POLITYKA PRYWATNO\u015aCI<\/span><\/b><\/h1><\/div><div><p class=\"LegalText\"><b><span lang=\"EN-US\" style=\"color: #227cc1;\">1. Informacje og\u00f3lne<\/span><\/b><\/p><\/div><div><p class=\"LegalText\"><span lang=\"EN-US\">Ochrona Pa\u0144stwa danych osobowych jest dla nas wa\u017cna. W niniejszej polityce prywatno\u015bci informujemy Pa\u0144stwa o tym, jakie dane osobowe s\u0105 przetwarzane podczas odwiedzania naszej strony internetowej, nawi\u0105zywania kontaktu oraz korzystania z naszych formularzy firmowych i aplikacyjnych. <\/span><\/p><\/div><div><p class=\"LegalText\"><span lang=\"EN-US\">Dane osobowe to wszelkie informacje dotycz\u0105ce zidentyfikowanej lub mo\u017cliwej do zidentyfikowania osoby fizycznej.<\/span><\/p><\/div><div><p class=\"LegalText\"><b><span lang=\"EN-US\" style=\"color: #227cc1;\">2. Administrator danych<\/span><\/b><\/p><\/div><div><p class=\"LegalText\"><span lang=\"EN-US\">Administratorem danych w rozumieniu Og\u00f3lnego Rozporz\u0105dzenia o Ochronie Danych (RODO) jest:<\/span><\/p><p>Woofer s.r.o.<br\/>Karpatsk\u00e9 n\u00e1mestie 7770\/10A<br\/>831 06 Bratislava \u2013 mestsk\u00e1 \u010das\u0165 Ra\u010da<br\/>Republika S\u0142owacka<\/p><p>Reprezentowany przez dyrektora zarz\u0105dzaj\u0105cego R\u00f3berta \u0160veca<br\/>Telefon: +421 948 543 773<br\/>E-mail: office@euro-staff-service.de<\/p><\/div><div><p class=\"LegalText\"><b><span lang=\"EN-US\" style=\"color: #227cc1;\">3. Hosting i pliki dziennika serwera<\/span><\/b><\/p><\/div><div><p class=\"LegalText\"><span lang=\"EN-US\">Podczas odwiedzania naszej strony internetowej dostawca us\u0142ug hostingowych przetwarza technicznie niezb\u0119dne informacje w tzw. plikach dziennika serwera. Mog\u0105 to by\u0107 w szczeg\u00f3lno\u015bci adres IP, data i godzina dost\u0119pu, odwiedzana strona lub plik, ilo\u015b\u0107 przes\u0142anych danych, typ przegl\u0105darki, wersja przegl\u0105darki, system operacyjny, adres URL odsy\u0142aj\u0105cy oraz nazwa hosta urz\u0105dzenia dost\u0119powego. <\/span><\/p><\/div><div><p class=\"LegalText\"><span lang=\"EN-US\">Przetwarzanie odbywa si\u0119 w celu bezpiecznego, stabilnego i technicznie bezb\u0142\u0119dnego udost\u0119pniania strony internetowej. Podstaw\u0105 prawn\u0105 jest art. 6 ust. 1 lit. f RODO. Nasz uzasadniony interes polega na bezpiecznym i funkcjonalnym udost\u0119pnianiu naszej obecno\u015bci w Internecie.    <\/span><\/p><\/div><div><p class=\"LegalText\"><span lang=\"EN-US\">Pliki dziennika serwera s\u0105 przechowywane tylko tak d\u0142ugo, jak jest to konieczne do technicznego dzia\u0142ania, bezpiecze\u0144stwa IT i zapobiegania nadu\u017cyciom.<\/span><\/p><\/div><div><p class=\"LegalText\"><b><span lang=\"EN-US\" style=\"color: #227cc1;\">4. Kontakt e-mailowy lub telefoniczny<\/span><\/b><\/p><\/div><div><p class=\"LegalText\"><span lang=\"EN-US\">Je\u015bli skontaktuj\u0105 si\u0119 Pa\u0144stwo z nami drog\u0105 e-mailow\u0105 lub telefoniczn\u0105, przetwarzamy przekazane przez Pa\u0144stwa dane w celu obs\u0142ugi Pa\u0144stwa zapytania i ewentualnych dalszych pyta\u0144. Mog\u0105 to by\u0107 w szczeg\u00f3lno\u015bci imi\u0119 i nazwisko, firma, numer telefonu, adres e-mail i tre\u015b\u0107 Pa\u0144stwa zapytania. <\/span><\/p><\/div><div><p class=\"LegalText\"><span lang=\"EN-US\">Je\u015bli kontakt ma na celu nawi\u0105zanie lub wykonanie umowy, podstaw\u0105 prawn\u0105 jest art. 6 ust. 1 lit. b RODO. We wszystkich innych przypadkach przetwarzanie odbywa si\u0119 na podstawie naszego uzasadnionego interesu w obs\u0142udze Pa\u0144stwa zapytania zgodnie z art. 6 ust. 1 lit. f RODO.     <\/span><\/p><\/div><div><p class=\"LegalText\"><span lang=\"EN-US\">Dane zostan\u0105 usuni\u0119te, gdy zapytanie zostanie ostatecznie przetworzone i nie b\u0119dzie istnie\u0107 \u017cadnych ustawowych obowi\u0105zk\u00f3w przechowywania ani innych uzasadnionych powod\u00f3w do dalszego przechowywania.<\/span><\/p><\/div><div><p class=\"LegalText\"><b><span lang=\"EN-US\" style=\"color: #227cc1;\">5. Formularz dla firm i zleceniodawc\u00f3w<\/span><\/b><\/p><\/div><div><p class=\"LegalText\"><span lang=\"EN-US\">Firmy i zleceniodawcy mog\u0105 za po\u015brednictwem strony internetowej zg\u0142asza\u0107 nam swoje zapotrzebowanie na personel lub projekty. Mog\u0105 by\u0107 przetwarzane w szczeg\u00f3lno\u015bci imi\u0119 i nazwisko oraz dane kontaktowe osoby kontaktowej, nazwa firmy, numer telefonu, adres e-mail, bran\u017ca, obszar dzia\u0142alno\u015bci, miejsce zatrudnienia, wymagana liczba pracownik\u00f3w, po\u017c\u0105dany okres zatrudnienia, wymagania fachowe i inne informacje dotycz\u0105ce projektu. <\/span><\/p><\/div><div><p class=\"LegalText\"><span lang=\"EN-US\">Przetwarzanie odbywa si\u0119 w celu obs\u0142ugi zapytania, przygotowania propozycji po\u015brednictwa oraz nawi\u0105zania lub realizacji ewentualnej wsp\u00f3\u0142pracy biznesowej. Podstaw\u0105 prawn\u0105 jest art. 6 ust. 1 lit. b RODO. W przypadku braku bezpo\u015bredniego nawi\u0105zania umowy, przetwarzanie odbywa si\u0119 na podstawie naszego uzasadnionego interesu w obs\u0142udze zapyta\u0144 biznesowych zgodnie z art. 6 ust. 1 lit. f RODO.      <\/span><\/p><\/div><div><p class=\"LegalText\"><b><span lang=\"EN-US\" style=\"color: #227cc1;\">6. Aplikacje i po\u015brednictwo pracy<\/span><\/b><\/p><\/div><div><p class=\"LegalText\"><span lang=\"EN-US\">Je\u015bli zarejestruj\u0105 si\u0119 Pa\u0144stwo lub z\u0142o\u017c\u0105 aplikacj\u0119 za po\u015brednictwem naszej strony internetowej, poczty elektronicznej lub w inny spos\u00f3b, przetwarzamy Pa\u0144stwa dane w celu po\u015brednictwa pracy i kontaktu w sprawie odpowiednich stanowisk lub projekt\u00f3w.<\/span><\/p><\/div><div><p class=\"LegalText\"><span lang=\"EN-US\">W szczeg\u00f3lno\u015bci mog\u0105 by\u0107 przetwarzane nast\u0119puj\u0105ce dane:<\/span><\/p><\/div><div><p class=\"LegalText\"><span lang=\"EN-US\">\u2022 Imi\u0119 i nazwisko, miejsce zamieszkania i dane kontaktowe<\/span><\/p><\/div><div><p class=\"LegalText\"><span lang=\"EN-US\">\u2022 kwalifikacje zawodowe, do\u015bwiadczenie zawodowe i znajomo\u015b\u0107 j\u0119zyk\u00f3w<\/span><\/p><\/div><div><p class=\"LegalText\"><span lang=\"EN-US\">\u2022 po\u017c\u0105dane stanowisko, miejsce zatrudnienia i dost\u0119pno\u015b\u0107<\/span><\/p><\/div><div><p class=\"LegalText\"><span lang=\"EN-US\">\u2022 \u017cyciorys, \u015bwiadectwa, certyfikaty i inne przes\u0142ane dokumenty<\/span><\/p><\/div><div><p class=\"LegalText\"><span lang=\"EN-US\">\u2022 informacje dotycz\u0105ce pozwolenia na prac\u0119 lub uprawnie\u0144 zawodowych, o ile jest to niezb\u0119dne do po\u015brednictwa<\/span><\/p><\/div><div><p class=\"LegalText\"><span lang=\"EN-US\">Przetwarzanie odbywa si\u0119 w celu realizacji dzia\u0142a\u0144 przedumownych na Pa\u0144stwa \u017c\u0105danie oraz \u015bwiadczenia \u017c\u0105danej przez Pa\u0144stwa us\u0142ugi po\u015brednictwa zgodnie z art. 6 ust. 1 lit. b RODO.  <\/span><\/p><\/div><div><p class=\"LegalText\"><span lang=\"EN-US\">Prosimy nie przekazywa\u0107 szczeg\u00f3lnych kategorii danych osobowych, w szczeg\u00f3lno\u015bci informacji dotycz\u0105cych zdrowia, religii, pochodzenia etnicznego, przekona\u0144 politycznych lub przynale\u017cno\u015bci zwi\u0105zkowej, chyba \u017ce s\u0105 one bezwzgl\u0119dnie konieczne do konkretnego po\u015brednictwa.<\/span><\/p><\/div><div><p class=\"LegalText\"><b><span lang=\"EN-US\" style=\"color: #227cc1;\">7. Przekazywanie danych aplikacyjnych potencjalnym pracodawcom i zleceniodawcom<\/span><\/b><\/p><\/div><div><p class=\"LegalText\"><span lang=\"EN-US\">W ramach \u017c\u0105danego przez Pa\u0144stwa po\u015brednictwa pracy, Pa\u0144stwa dane aplikacyjne, kwalifikacyjne i kontaktowe mog\u0105 by\u0107 przekazywane firmom, kt\u00f3re wchodz\u0105 w gr\u0119 jako potencjalni pracodawcy lub zleceniodawcy dla Pa\u0144stwa kwalifikacji i po\u017c\u0105danego obszaru dzia\u0142alno\u015bci.<\/span><\/p><\/div><div><p class=\"LegalText\"><span lang=\"EN-US\">Przekazanie nast\u0119puje tylko w zakresie niezb\u0119dnym do konkretnego po\u015brednictwa i zasadniczo po wcze\u015bniejszym uzgodnieniu lub poinformowaniu. Podstaw\u0105 prawn\u0105 jest art. 6 ust. 1 lit. b RODO. Dalsze wykorzystanie lub przekazanie nast\u0119puje tylko na podstawie odr\u0119bnej zgody zgodnie z art. 6 ust. 1 lit. a RODO lub zezwolenia ustawowego.      <\/span><\/p><\/div><div><p class=\"LegalText\"><b><span lang=\"EN-US\" style=\"color: #227cc1;\">8. Baza kandydat\u00f3w i talent\u00f3w<\/span><\/b><\/p><\/div><div><p class=\"LegalText\"><span lang=\"EN-US\">Je\u015bli wyra\u017c\u0105 Pa\u0144stwo wyra\u017an\u0105 zgod\u0119, mo\u017cemy przechowywa\u0107 Pa\u0144stwa dokumenty aplikacyjne r\u00f3wnie\u017c po zako\u0144czeniu konkretnego zapytania o po\u015brednictwo w bazie kandydat\u00f3w i talent\u00f3w, aby m\u00f3c skontaktowa\u0107 si\u0119 z Pa\u0144stwem w sprawie przysz\u0142ych odpowiednich stanowisk lub projekt\u00f3w.<\/span><\/p><\/div><div><p class=\"LegalText\"><span lang=\"EN-US\">Podstaw\u0105 prawn\u0105 jest Pa\u0144stwa zgoda zgodnie z art. 6 ust. 1 lit. a RODO. Zgoda jest dobrowolna i mo\u017ce zosta\u0107 w ka\u017cdej chwili odwo\u0142ana ze skutkiem na przysz\u0142o\u015b\u0107 poprzez wys\u0142anie wiadomo\u015bci e-mail na adres office@euro-staff-service.de. Bez ponownej zgody dane zostan\u0105 zasadniczo usuni\u0119te z bazy talent\u00f3w najp\u00f3\u017aniej po dwunastu miesi\u0105cach.    <\/span><\/p><\/div><div><p class=\"LegalText\"><b><span lang=\"EN-US\" style=\"color: #227cc1;\">9. Okres przechowywania danych aplikacyjnych<\/span><\/b><\/p><\/div><div><p class=\"LegalText\"><span lang=\"EN-US\">Dane aplikacyjne s\u0105 przechowywane tylko tak d\u0142ugo, jak jest to konieczne do obs\u0142ugi aplikacji, po\u015brednictwa pracy, wype\u0142nienia zobowi\u0105za\u0144 umownych lub dochodzenia, wykonywania lub obrony roszcze\u0144 prawnych.<\/span><\/p><\/div><div><p class=\"LegalText\"><span lang=\"EN-US\">Je\u015bli nie dojdzie do po\u015brednictwa lub wsp\u00f3\u0142pracy i nie ma zgody na baz\u0119 talent\u00f3w, dane zostan\u0105 zasadniczo usuni\u0119te w ci\u0105gu sze\u015bciu miesi\u0119cy od zako\u0144czenia procesu po\u015brednictwa, o ile nie istniej\u0105 ustawowe obowi\u0105zki przechowywania lub uzasadnione powody do d\u0142u\u017cszego przechowywania.<\/span><\/p><\/div><div><p class=\"LegalText\"><b><span lang=\"EN-US\" style=\"color: #227cc1;\">10. Pliki cookie i podobne technologie<\/span><\/b><\/p><\/div><div><p class=\"LegalText\"><span lang=\"EN-US\">Nasza strona internetowa u\u017cywa plik\u00f3w cookie i podobnych technologii. Technicznie niezb\u0119dne pliki cookie s\u0105 wykorzystywane w celu zapewnienia podstawowych funkcji, bezpiecze\u0144stwa i prawid\u0142owego wy\u015bwietlania strony internetowej. <\/span><\/p><\/div><div><p class=\"LegalText\"><span lang=\"EN-US\">Podstaw\u0105 prawn\u0105 przechowywania lub dost\u0119pu do informacji w Pa\u0144stwa urz\u0105dzeniu ko\u0144cowym w przypadku technicznie bezwzgl\u0119dnie koniecznych operacji jest \u00a7 25 ust. 2 TDDDG. Dalsze przetwarzanie danych osobowych odbywa si\u0119, o ile ma to zastosowanie, na podstawie art. 6 ust. 1 lit. f RODO.    <\/span><\/p><\/div><div><p class=\"LegalText\"><span lang=\"EN-US\">Niekonieczne pliki cookie i us\u0142ugi zewn\u0119trzne, w szczeg\u00f3lno\u015bci do cel\u00f3w statystycznych, marketingowych, personalizacyjnych lub medialnych, s\u0105 u\u017cywane tylko po Pa\u0144stwa wyra\u017anej zgodzie. Podstaw\u0105 prawn\u0105 jest \u00a7 25 ust. 1 TDDDG w zwi\u0105zku z art. 6 ust. 1 lit. a RODO.    <\/span><\/p><\/div><div><p class=\"LegalText\"><span lang=\"EN-US\">Udzielon\u0105 zgod\u0119 mog\u0105 Pa\u0144stwo w ka\u017cdej chwili zmieni\u0107 lub odwo\u0142a\u0107 za po\u015brednictwem linku \u201eUstawienia plik\u00f3w cookie\u201d w dolnej cz\u0119\u015bci naszej strony internetowej.<\/span><\/p><\/div><div><p class=\"LegalText\"><b><span lang=\"EN-US\" style=\"color: #227cc1;\">11. Zarz\u0105dzanie zgodami<\/span><\/b><\/p><\/div><div><p class=\"LegalText\"><span lang=\"EN-US\">U\u017cywamy systemu zarz\u0105dzania zgodami, aby przechowywa\u0107 i dokumentowa\u0107 Pa\u0144stwa wybory dotycz\u0105ce plik\u00f3w cookie i us\u0142ug zewn\u0119trznych. Mog\u0105 by\u0107 przetwarzane w szczeg\u00f3lno\u015bci status zgody, czas wyboru, wybrane kategorie i us\u0142ugi, identyfikator zgody oraz techniczne informacje o przegl\u0105darce. <\/span><\/p><\/div><div><p class=\"LegalText\"><span lang=\"EN-US\">Przetwarzanie jest niezb\u0119dne do wdro\u017cenia Pa\u0144stwa wybor\u00f3w i udowodnienia udzielonych lub odrzuconych zg\u00f3d. Podstaw\u0105 prawn\u0105 jest art. 6 ust. 1 lit. c RODO w zwi\u0105zku z obowi\u0105zkami dowodowymi w zakresie ochrony danych oraz art. 6 ust. 1 lit. f RODO.     <\/span><\/p><\/div><div><p class=\"LegalText\"><b><span lang=\"EN-US\" style=\"color: #227cc1;\">12. Linki zewn\u0119trzne i sieci spo\u0142eczno\u015bciowe<\/span><\/b><\/p><\/div><div><p class=\"LegalText\"><span lang=\"EN-US\">Nasza strona internetowa mo\u017ce zawiera\u0107 linki do zewn\u0119trznych stron internetowych i sieci spo\u0142eczno\u015bciowych. Dop\u00f3ki s\u0105 to wy\u0142\u0105cznie zwyk\u0142e linki, podczas samego odwiedzania naszej strony internetowej \u017cadne dane nie s\u0105 przekazywane tym dostawcom. Przekazanie danych mo\u017ce nast\u0105pi\u0107 dopiero po klikni\u0119ciu odpowiedniego linku i otwarciu zewn\u0119trznej strony internetowej. Za przetwarzanie na zewn\u0119trznej stronie internetowej odpowiada dany dostawca.   <\/span><\/p><\/div><div><p class=\"LegalText\"><b><span lang=\"EN-US\" style=\"color: #227cc1;\">13. Szyfrowanie SSL lub TLS<\/span><\/b><\/p><\/div><div><p class=\"LegalText\"><span lang=\"EN-US\">Nasza strona internetowa u\u017cywa szyfrowania SSL lub TLS ze wzgl\u0119d\u00f3w bezpiecze\u0144stwa. Zaszyfrowane po\u0142\u0105czenie mo\u017cna rozpozna\u0107 po tym, \u017ce pasek adresu Pa\u0144stwa przegl\u0105darki zaczyna si\u0119 od \u201ehttps:\/\/\u201d i wy\u015bwietlana jest ikona k\u0142\u00f3dki. <\/span><\/p><\/div><div><p class=\"LegalText\"><b><span lang=\"EN-US\" style=\"color: #227cc1;\">14. Odbiorcy danych osobowych<\/span><\/b><\/p><\/div><div><p class=\"LegalText\"><span lang=\"EN-US\">Dane osobowe mog\u0105 by\u0107, w razie potrzeby, przekazywane w szczeg\u00f3lno\u015bci dostawcom us\u0142ug hostingowych i IT, dostawcom us\u0142ug e-mail i komunikacyjnych, potencjalnym pracodawcom i zleceniodawcom, partnerom projektowym i wsp\u00f3\u0142pracuj\u0105cym, doradcom prawnym lub podatkowym, organom w\u0142adzy oraz innym us\u0142ugodawcom dzia\u0142aj\u0105cym na zlecenie Woofer s.r.o.<\/span><\/p><\/div><div><p class=\"LegalText\"><span lang=\"EN-US\">Je\u015bli us\u0142ugodawca przetwarza dane osobowe w naszym imieniu, zostanie \u2013 o ile jest to wymagane prawnie \u2013 zawarta umowa o powierzenie przetwarzania danych zgodnie z art. 28 RODO.<\/span><\/p><\/div><div><p class=\"LegalText\"><b><span lang=\"EN-US\" style=\"color: #227cc1;\">15. Przekazywanie danych poza Europejski Obszar Gospodarczy<\/span><\/b><\/p><\/div><div><p class=\"LegalText\"><span lang=\"EN-US\">Przekazywanie danych osobowych do pa\u0144stw spoza Unii Europejskiej lub Europejskiego Obszaru Gospodarczego odbywa si\u0119 tylko wtedy, gdy spe\u0142nione s\u0105 wymogi prawne art. 44 i nast. RODO. Mo\u017ce to nast\u0105pi\u0107 w szczeg\u00f3lno\u015bci na podstawie decyzji stwierdzaj\u0105cej odpowiedni stopie\u0144 ochrony, odpowiednich zabezpiecze\u0144 lub standardowych klauzul umownych Komisji Europejskiej. <\/span><\/p><\/div><div><p class=\"LegalText\"><b><span lang=\"EN-US\" style=\"color: #227cc1;\">16. Pa\u0144stwa prawa<\/span><\/b><\/p><\/div><div><p class=\"LegalText\"><span lang=\"EN-US\">W ramach wymog\u00f3w prawnych przys\u0142uguj\u0105 Pa\u0144stwu w szczeg\u00f3lno\u015bci nast\u0119puj\u0105ce prawa:<\/span><\/p><\/div><div><p class=\"LegalText\"><span lang=\"EN-US\">\u2022 Prawo do informacji zgodnie z art. 15 RODO<\/span><\/p><\/div><div><p class=\"LegalText\"><span lang=\"EN-US\">\u2022 Prawo do sprostowania danych zgodnie z art. 16 RODO<\/span><\/p><\/div><div><p class=\"LegalText\"><span lang=\"EN-US\">\u2022 Prawo do usuni\u0119cia danych zgodnie z art. 17 RODO<\/span><\/p><\/div><div><p class=\"LegalText\"><span lang=\"EN-US\">\u2022 Prawo do ograniczenia przetwarzania zgodnie z art. 18 RODO<\/span><\/p><\/div><div><p class=\"LegalText\"><span lang=\"EN-US\">\u2022 Prawo do przenoszenia danych zgodnie z art. 20 RODO<\/span><\/p><\/div><div><p class=\"LegalText\"><span lang=\"EN-US\">\u2022 Prawo do sprzeciwu zgodnie z art. 21 RODO<\/span><\/p><\/div><div><p class=\"LegalText\"><span lang=\"EN-US\">\u2022 Prawo do wycofania zgody zgodnie z art. 7 ust. 3 RODO <\/span><\/p><\/div><div><p class=\"LegalText\"><span lang=\"EN-US\">Wycofanie zgody nie wp\u0142ywa na zgodno\u015b\u0107 z prawem przetwarzania, kt\u00f3rego dokonano na podstawie zgody przed jej wycofaniem. W celu skorzystania z Pa\u0144stwa praw mog\u0105 Pa\u0144stwo skontaktowa\u0107 si\u0119 z nami pod adresem office@euro-staff-service.de. <\/span><\/p><\/div><div><p class=\"LegalText\"><b><span lang=\"EN-US\" style=\"color: #227cc1;\">17. Prawo do wniesienia skargi do organu nadzorczego<\/span><\/b><\/p><\/div><div><p class=\"LegalText\"><span lang=\"EN-US\">Maj\u0105 Pa\u0144stwo prawo wnie\u015b\u0107 skarg\u0119 do organu nadzorczego ds. ochrony danych. Organem nadzorczym w\u0142a\u015bciwym dla administratora jest w szczeg\u00f3lno\u015bci: <\/span><\/p><p>\u00darad na ochranu osobn\u00fdch \u00fadajov Slovenskej republiky<br\/>Galvaniho Business Centrum II<br\/>Galvaniho 7\/B<br\/>821 04 Bratislava<br\/>Republika S\u0142owacka<br\/>E-mail: statny.dozor@pdp.gov.sk<\/p><\/div><div><p class=\"LegalText\"><span lang=\"EN-US\">Mog\u0105 Pa\u0144stwo r\u00f3wnie\u017c skontaktowa\u0107 si\u0119 z organem nadzorczym ds. ochrony danych w pa\u0144stwie cz\u0142onkowskim Pa\u0144stwa zwyk\u0142ego pobytu, miejsca pracy lub miejsca domniemanego naruszenia ochrony danych.<\/span><\/p><\/div><div><p class=\"LegalText\"><b><span lang=\"EN-US\" style=\"color: #227cc1;\">18. Zmiany w niniejszej polityce prywatno\u015bci<\/span><\/b><\/p><\/div><div><p class=\"LegalText\"><span lang=\"EN-US\">Zastrzegamy sobie prawo do dostosowania niniejszej polityki prywatno\u015bci w przypadku zmiany u\u017cywanych us\u0142ug, funkcji technicznych strony internetowej lub wymog\u00f3w prawnych.<\/span><\/p><\/div><div><span lang=\"EN-US\">Stan na: lipiec 2026<\/span><\/div>\t\t\t\t\t\t\t\t<\/div>\n\t\t\t\t\t<\/div>\n\t\t\t\t<\/div>\n\t\t\t\t<\/div>\n\t\t","protected":false},"excerpt":{"rendered":"<p>POLITYKA PRYWATNO\u015aCI 1. Informacje og\u00f3lne Ochrona Pa\u0144stwa danych osobowych jest dla nas wa\u017cna. W niniejszej polityce prywatno\u015bci informujemy Pa\u0144stwa o tym, jakie dane osobowe s\u0105 przetwarzane podczas odwiedzania naszej strony internetowej, nawi\u0105zywania kontaktu oraz korzystania z naszych formularzy firmowych i aplikacyjnych. Dane osobowe to wszelkie informacje dotycz\u0105ce zidentyfikowanej lub mo\u017cliwej do zidentyfikowania osoby fizycznej. 2. [&hellip;]<\/p>\n","protected":false},"author":1,"featured_media":0,"parent":0,"menu_order":0,"comment_status":"closed","ping_status":"closed","template":"","meta":{"footnotes":""},"class_list":["post-554","page","type-page","status-publish","hentry"],"_links":{"self":[{"href":"https:\/\/euro-staff-service.de\/pl\/wp-json\/wp\/v2\/pages\/554","targetHints":{"allow":["GET"]}}],"collection":[{"href":"https:\/\/euro-staff-service.de\/pl\/wp-json\/wp\/v2\/pages"}],"about":[{"href":"https:\/\/euro-staff-service.de\/pl\/wp-json\/wp\/v2\/types\/page"}],"author":[{"embeddable":true,"href":"https:\/\/euro-staff-service.de\/pl\/wp-json\/wp\/v2\/users\/1"}],"replies":[{"embeddable":true,"href":"https:\/\/euro-staff-service.de\/pl\/wp-json\/wp\/v2\/comments?post=554"}],"version-history":[{"count":1,"href":"https:\/\/euro-staff-service.de\/pl\/wp-json\/wp\/v2\/pages\/554\/revisions"}],"predecessor-version":[{"id":555,"href":"https:\/\/euro-staff-service.de\/pl\/wp-json\/wp\/v2\/pages\/554\/revisions\/555"}],"wp:attachment":[{"href":"https:\/\/euro-staff-service.de\/pl\/wp-json\/wp\/v2\/media?parent=554"}],"curies":[{"name":"wp","href":"https:\/\/api.w.org\/{rel}","templated":true}]}}